{"id":140,"date":"2010-10-09T15:21:24","date_gmt":"2010-10-09T13:21:24","guid":{"rendered":"http:\/\/www.bildstoerung.tv\/blog\/?page_id=140"},"modified":"2020-12-17T15:51:06","modified_gmt":"2020-12-17T13:51:06","slug":"larm-wut","status":"publish","type":"page","link":"https:\/\/www.bildstoerung.tv\/blog\/filme\/larm-wut\/","title":{"rendered":"L\u00c4RM &#038; WUT"},"content":{"rendered":"<div class=\"fusion-fullwidth fullwidth-box fusion-builder-row-1 nonhundred-percent-fullwidth non-hundred-percent-height-scrolling\" style=\"--awb-border-radius-top-left:0px;--awb-border-radius-top-right:0px;--awb-border-radius-bottom-right:0px;--awb-border-radius-bottom-left:0px;--awb-background-color:#000000;--awb-flex-wrap:wrap;\" ><div class=\"fusion-builder-row fusion-row\"><div class=\"fusion-layout-column fusion_builder_column fusion-builder-column-0 fusion_builder_column_1_4 1_4 fusion-one-fourth fusion-column-first\" style=\"--awb-bg-size:cover;width:25%;width:calc(25% - ( ( 4% + 4% ) * 0.25 ) );margin-right: 4%;\"><div class=\"fusion-column-wrapper fusion-flex-column-wrapper-legacy\"><a class=\"awb-lightbox awb-lightbox-1\" href=\"https:\/\/i0.wp.com\/www.bildstoerung.tv\/blog\/wp-content\/uploads\/2014\/10\/Laerm-und-Wut-Cover-final.jpg?ssl=1\" data-rel=\"iLightbox\"><img decoding=\"async\" src=\"https:\/\/i0.wp.com\/www.bildstoerung.tv\/blog\/wp-content\/uploads\/2014\/10\/Laerm-und-Wut-Cover-final.jpg?resize=300%2C420&#038;ssl=1\" alt=\"DVD Schuber L\u00e4rm &amp; Wut\" data-recalc-dims=\"1\"><\/a><div class=\"fusion-clearfix\"><\/div><\/div><\/div><div class=\"fusion-layout-column fusion_builder_column fusion-builder-column-1 fusion_builder_column_1_3 1_3 fusion-one-third\" style=\"--awb-bg-size:cover;width:33.333333333333%;width:calc(33.333333333333% - ( ( 4% + 4% ) * 0.33333333333333 ) );margin-right: 4%;\"><div class=\"fusion-column-wrapper fusion-flex-column-wrapper-legacy\"><div class=\"fusion-text fusion-text-1\"><h2><strong><br \/>\nL\u00c4RM &amp; WUT<\/strong><\/h2>\n<h3>DROP OUT 010<\/h3>\n<p>Ein Film von Jean-Claude Brisseau<\/p>\n<p>Frankreich 1987<br \/>\n90 Min. (ungeschnitten)<br \/>\nOriginal- und Deutsche-Fassung<\/p>\n<\/div><div class=\"fusion-clearfix\"><\/div><\/div><\/div><div class=\"fusion-layout-column fusion_builder_column fusion-builder-column-2 fusion_builder_column_1_4 1_4 fusion-one-fourth fusion-column-last\" style=\"--awb-padding-top:60px;--awb-padding-right:0px;--awb-padding-bottom:0px;--awb-bg-size:cover;width:25%;width:calc(25% - ( ( 4% + 4% ) * 0.25 ) );\"><div class=\"fusion-column-wrapper fusion-flex-column-wrapper-legacy\"><div class=\"fusion-alignleft\"><a class=\"fusion-button button-flat fusion-button-default-size button-default fusion-button-default button-1 fusion-button-default-span fusion-button-default-type\" style=\"--button_text_transform:none;\" target=\"_blank\" rel=\"noopener noreferrer\" href=\"https:\/\/shop.bildstoerung.tv\/products\/laermwut-010?utm_source=bs_hp&amp;utm_medium=shopbutton&amp;utm_campaign=laermwut\"><i class=\"fa-shopping-cart fas button-icon-left\" aria-hidden=\"true\"><\/i><span class=\"fusion-button-text\">Im Shop ansehen<\/span><\/a><\/div><div class=\"fusion-clearfix\"><\/div><\/div><\/div><\/div><\/div><div class=\"fusion-fullwidth fullwidth-box fusion-builder-row-2 nonhundred-percent-fullwidth non-hundred-percent-height-scrolling\" style=\"--awb-border-radius-top-left:0px;--awb-border-radius-top-right:0px;--awb-border-radius-bottom-right:0px;--awb-border-radius-bottom-left:0px;--awb-background-color:#000000;--awb-flex-wrap:wrap;\" ><div class=\"fusion-builder-row fusion-row\"><div class=\"fusion-layout-column fusion_builder_column fusion-builder-column-3 fusion_builder_column_1_1 1_1 fusion-one-full fusion-column-first fusion-column-last\" style=\"--awb-bg-size:cover;\"><div class=\"fusion-column-wrapper fusion-flex-column-wrapper-legacy\"><div class=\"fusion-sep-clear\"><\/div><div class=\"fusion-separator fusion-full-width-sep\" style=\"margin-left: auto;margin-right: auto;width:100%;\"><div class=\"fusion-separator-border sep-single sep-solid\" style=\"--awb-height:20px;--awb-amount:20px;--awb-sep-color:#ffffff;border-color:#ffffff;border-top-width:1px;\"><\/div><\/div><div class=\"fusion-sep-clear\"><\/div><div class=\"fusion-text fusion-text-2\"><h3>DER FILM<\/h3>\n<p style=\"font-weight: 400;\">Neben William Faulkners gro\u00dfartigem Roman gab es Ende der Achtziger Jahre einen Film des franz\u00f6sischen Regisseurs Jean-Claude Brisseau, f\u00fcr dessen Titel ebenfalls diese Zeilen aus Shakespeares Macbeth Pate standen: L\u00c4RM &amp; WUT (OT: De bruit et de fureur).<\/p>\n<p style=\"font-weight: 400;\">Der Film, der 1988 in Cannes mit dem Spezialpreis der Jugendjury ausgezeichnet wurde, provozierte seinerzeit einen kleinen Skandal, als er aufgrund seiner ungesch\u00f6nten Darstellung von Jugendgewalt in Frankreich f\u00fcr den Kinostart zun\u00e4chst die so seltene Freigabe \u201eab 18 Jahren\u201c erhielt \u2013 eine Entscheidung, die einigen Protest ausl\u00f6ste, u.a. von Regiekollegen wie Barbet Schroeder (BARFLY). Dabei gelang Jean-Claude Brisseau mit seinen kalten, klaren Bildern, die immer wieder durch surreale Szenen unterbrochen werden, zwar ein aufw\u00fchlender und heftiger aber auch sehr ehrlicher Film \u00fcber das trostlose Leben in den Pariser Vororten.<\/p>\n<h3>INHALT<\/h3>\n<p>Der 14-j\u00e4hrige Bruno kommt gerade in sein neues Zuhause: eine Wohnung im 15. Stock eines Betonmonsters, das im Pariser Vorort Seine-Saint-Denis in den kalten Himmel ragt. Seine Mutter, die rund um die Uhr arbeiten muss, sieht er nur in Form von kleinen Notizzetteln. Im zehnten Stock \u2013 die Aufz\u00fcge sind kaputt \u2013 begegnet er dem jungen Jean-Roger, der gerade die Fu\u00dfmatte seines Nachbarn anz\u00fcndet. Am n\u00e4chsten Tag trifft er ihn wieder: sie gehen in dieselbe Klasse. Nachdem die beiden sich anfreunden, lernt Bruno Jean-Rogers Familie kennen: Aggression und Langeweile bestimmen dort den Alltag, w\u00e4hrend sich der Frust in brutalen Streichen seinen Weg bahnt. Willkommen in der Banlieue!<\/p>\n<\/div><div class=\"fusion-sep-clear\"><\/div><div class=\"fusion-separator fusion-full-width-sep\" style=\"margin-left: auto;margin-right: auto;width:100%;\"><div class=\"fusion-separator-border sep-single sep-solid\" style=\"--awb-height:20px;--awb-amount:20px;--awb-sep-color:#ffffff;border-color:#ffffff;border-top-width:1px;\"><\/div><\/div><div class=\"fusion-sep-clear\"><\/div><div class=\"fusion-clearfix\"><\/div><\/div><\/div><\/div><\/div><div class=\"fusion-fullwidth fullwidth-box fusion-builder-row-3 fusion-flex-container nonhundred-percent-fullwidth non-hundred-percent-height-scrolling\" style=\"--awb-border-radius-top-left:0px;--awb-border-radius-top-right:0px;--awb-border-radius-bottom-right:0px;--awb-border-radius-bottom-left:0px;--awb-background-color:#050505;--awb-flex-wrap:wrap;\" ><div class=\"fusion-builder-row fusion-row fusion-flex-align-items-flex-start fusion-flex-content-wrap\" style=\"max-width:1144px;margin-left: calc(-4% \/ 2 );margin-right: calc(-4% \/ 2 );\"><div class=\"fusion-layout-column fusion_builder_column fusion-builder-column-4 fusion_builder_column_1_1 1_1 fusion-flex-column\" style=\"--awb-bg-size:cover;--awb-width-large:100%;--awb-margin-top-large:0px;--awb-spacing-right-large:1.92%;--awb-margin-bottom-large:20px;--awb-spacing-left-large:1.92%;--awb-width-medium:100%;--awb-order-medium:0;--awb-spacing-right-medium:1.92%;--awb-spacing-left-medium:1.92%;--awb-width-small:100%;--awb-order-small:0;--awb-spacing-right-small:1.92%;--awb-spacing-left-small:1.92%;\"><div class=\"fusion-column-wrapper fusion-column-has-shadow fusion-flex-justify-content-flex-start fusion-content-layout-column\"><div class=\"fusion-image-element \" style=\"--awb-caption-title-font-family:var(--h2_typography-font-family);--awb-caption-title-font-weight:var(--h2_typography-font-weight);--awb-caption-title-font-style:var(--h2_typography-font-style);--awb-caption-title-size:var(--h2_typography-font-size);--awb-caption-title-transform:var(--h2_typography-text-transform);--awb-caption-title-line-height:var(--h2_typography-line-height);--awb-caption-title-letter-spacing:var(--h2_typography-letter-spacing);\"><span class=\" fusion-imageframe imageframe-none imageframe-1 hover-type-none\"><img decoding=\"async\" width=\"1024\" height=\"679\" title=\"Setfoto L\u00e4rm und Wut\" src=\"https:\/\/i0.wp.com\/www.bildstoerung.tv\/blog\/wp-content\/uploads\/2014\/10\/De-bruit-et-de-fureur-4.jpg?resize=1024%2C679&#038;ssl=1\" alt class=\"img-responsive wp-image-522\" srcset=\"https:\/\/i0.wp.com\/www.bildstoerung.tv\/blog\/wp-content\/uploads\/2014\/10\/De-bruit-et-de-fureur-4.jpg?resize=150%2C99&amp;ssl=1 150w, https:\/\/i0.wp.com\/www.bildstoerung.tv\/blog\/wp-content\/uploads\/2014\/10\/De-bruit-et-de-fureur-4.jpg?resize=300%2C199&amp;ssl=1 300w, https:\/\/i0.wp.com\/www.bildstoerung.tv\/blog\/wp-content\/uploads\/2014\/10\/De-bruit-et-de-fureur-4.jpg?resize=500%2C332&amp;ssl=1 500w, https:\/\/i0.wp.com\/www.bildstoerung.tv\/blog\/wp-content\/uploads\/2014\/10\/De-bruit-et-de-fureur-4.jpg?resize=1024%2C679&amp;ssl=1 1024w, https:\/\/i0.wp.com\/www.bildstoerung.tv\/blog\/wp-content\/uploads\/2014\/10\/De-bruit-et-de-fureur-4.jpg?fit=1200%2C796&amp;ssl=1 1200w\" sizes=\"(max-width: 1024px) 100vw, (max-width: 640px) 100vw, 1024px\" data-recalc-dims=\"1\" \/><\/span><\/div><\/div><\/div><\/div><\/div><div class=\"fusion-fullwidth fullwidth-box fusion-builder-row-4 nonhundred-percent-fullwidth non-hundred-percent-height-scrolling\" style=\"--awb-border-radius-top-left:0px;--awb-border-radius-top-right:0px;--awb-border-radius-bottom-right:0px;--awb-border-radius-bottom-left:0px;--awb-background-color:#000000;--awb-flex-wrap:wrap;\" ><div class=\"fusion-builder-row fusion-row\"><div class=\"fusion-layout-column fusion_builder_column fusion-builder-column-5 fusion_builder_column_1_1 1_1 fusion-one-full fusion-column-first fusion-column-last\" style=\"--awb-bg-size:cover;\"><div class=\"fusion-column-wrapper fusion-flex-column-wrapper-legacy\"><div class=\"fusion-sep-clear\"><\/div><div class=\"fusion-separator fusion-full-width-sep\" style=\"margin-left: auto;margin-right: auto;width:100%;\"><div class=\"fusion-separator-border sep-single sep-solid\" style=\"--awb-height:20px;--awb-amount:20px;--awb-sep-color:#ffffff;border-color:#ffffff;border-top-width:1px;\"><\/div><\/div><div class=\"fusion-sep-clear\"><\/div><div class=\"fusion-text fusion-text-3\"><h3>TRAILER<\/h3>\n<\/div><div class=\"fusion-video fusion-youtube\" style=\"--awb-max-width:900px;--awb-max-height:506px;\"><div class=\"video-shortcode\"><div class=\"fluid-width-video-wrapper\" style=\"padding-top:56.22%;\" ><iframe title=\"YouTube video player 1\" src=\"https:\/\/www.youtube.com\/embed\/_G5_nusV9WI?wmode=transparent&autoplay=0&amp;rel=0\" width=\"900\" height=\"506\" allowfullscreen allow=\"autoplay; fullscreen\"><\/iframe><\/div><\/div><\/div><div class=\"fusion-clearfix\"><\/div><\/div><\/div><\/div><\/div><div class=\"fusion-fullwidth fullwidth-box fusion-builder-row-5 nonhundred-percent-fullwidth non-hundred-percent-height-scrolling\" style=\"--awb-border-radius-top-left:0px;--awb-border-radius-top-right:0px;--awb-border-radius-bottom-right:0px;--awb-border-radius-bottom-left:0px;--awb-background-color:#000000;--awb-flex-wrap:wrap;\" ><div class=\"fusion-builder-row fusion-row\"><div class=\"fusion-layout-column fusion_builder_column fusion-builder-column-6 fusion_builder_column_1_1 1_1 fusion-one-full fusion-column-first fusion-column-last\" style=\"--awb-bg-size:cover;\"><div class=\"fusion-column-wrapper fusion-flex-column-wrapper-legacy\"><div class=\"fusion-sep-clear\"><\/div><div class=\"fusion-separator fusion-full-width-sep\" style=\"margin-left: auto;margin-right: auto;width:100%;\"><div class=\"fusion-separator-border sep-single sep-solid\" style=\"--awb-height:20px;--awb-amount:20px;--awb-sep-color:#ffffff;border-color:#ffffff;border-top-width:1px;\"><\/div><\/div><div class=\"fusion-sep-clear\"><\/div><div class=\"fusion-text fusion-text-4\"><h3>DVD<\/h3>\n<p>Bonusmaterial<\/p>\n<p>\u2013 Interview mit Regisseur Jean-Claude Brisseau (26 Min.)<br \/>\n\u2013 Jean-Claude Brisseau kommentiert die wichtigsten Szenen (27 Min.)<br \/>\n\u2013 Video-8 Making-of von den Dreharbeiten (Luc Ponette, 1987; 40 Min.)<br \/>\n\u2013 Booklet<\/p>\n<\/div><div class=\"fusion-clearfix\"><\/div><\/div><\/div><\/div><\/div><div class=\"fusion-fullwidth fullwidth-box fusion-builder-row-6 nonhundred-percent-fullwidth non-hundred-percent-height-scrolling\" style=\"--awb-border-radius-top-left:0px;--awb-border-radius-top-right:0px;--awb-border-radius-bottom-right:0px;--awb-border-radius-bottom-left:0px;--awb-background-color:#050505;--awb-flex-wrap:wrap;\" ><div class=\"fusion-builder-row fusion-row\"><div class=\"fusion-layout-column fusion_builder_column fusion-builder-column-7 fusion_builder_column_1_1 1_1 fusion-one-full fusion-column-first fusion-column-last\" style=\"--awb-bg-size:cover;\"><div class=\"fusion-column-wrapper fusion-flex-column-wrapper-legacy\"><div class=\"fusion-sep-clear\"><\/div><div class=\"fusion-separator fusion-full-width-sep\" style=\"margin-left: auto;margin-right: auto;width:100%;\"><div class=\"fusion-separator-border sep-single sep-solid\" style=\"--awb-height:20px;--awb-amount:20px;--awb-sep-color:#ffffff;border-color:#ffffff;border-top-width:1px;\"><\/div><\/div><div class=\"fusion-sep-clear\"><\/div><div class=\"fusion-text fusion-text-5\"><h3>PRESSESTIMMEN<\/h3>\n<\/div><div class=\"fusion-clearfix\"><\/div><\/div><\/div><div class=\"fusion-layout-column fusion_builder_column fusion-builder-column-8 fusion_builder_column_1_1 1_1 fusion-one-full fusion-column-first fusion-column-last\" style=\"--awb-bg-size:cover;\"><div class=\"fusion-column-wrapper fusion-flex-column-wrapper-legacy\"><div class=\"fusion-testimonials classic awb-speech-bubble-show fusion-testimonials-1\" style=\"--awb-textcolor:#aaa9a9;--awb-backgroundcolor:#1e1e1e;--awb-testimonial-border-style:solid;--awb-testimonial-border-color:var(--awb-color3);--awb-border-top-left-radius:0px;--awb-border-top-right-radius:0px;--awb-border-bottom-left-radius:0px;--awb-border-bottom-right-radius:0px;--testimonial-border-width-top:0px;--testimonial-border-width-right:0px;--testimonial-border-width-bottom:0px;--testimonial-border-width-left:0px;\" data-random=\"0\" data-speed=\"0\"><div class=\"reviews\"><div class=\"review active-testimonial no-avatar\"><blockquote><div class=\"awb-quote\"><div class=\"awb-quote-content\">\n<p>&#8222;Um so aufregender und wichtiger ist nun die Wiederentdeckung dieses ein wenig in Vergessenheit geratenen Filmes \u2013 fast ist man geneigt zu sagen: dieses kleinen Meisterwerkes. Ob dieses gro\u00dfe Wort freilich einen Film wie diesen treffend beschreibt \u2013 einen bewu\u00dft und bedingungslos streitbaren Film ebenso wie einen, der unerschrocken pr\u00e4tenti\u00f6s sich stellenweise zu sein traut, um seine hochfliegende Poesie nur Momente sp\u00e4ter mit brutaler Erbarmungslosigkeit auf den Boden deprimierender Tatsachen zur\u00fcckzuzerren \u2013 sei letztlich dahingestellt.&#8220;<\/p>\n<\/div><\/div><span class=\"awb-triangle\"><\/span><\/blockquote><div class=\"author\"><span class=\"company-name\"><strong>Jochen Werner<\/strong><span>, <\/span><a href=\"http:\/\/www.schnitt.de\/231,6706,01.html\" target=\"_self\"><span>Schnitt<\/span><\/a><\/span><\/div><\/div><div class=\"review no-avatar\"><blockquote><div class=\"awb-quote\"><div class=\"awb-quote-content\">\n<p>&#8222;Das seinerzeit angefeindete franz\u00f6sische Jugenddrama L\u00c4RM UND WUT verbindet verst\u00f6rende Gewalt mit poetischen Bildern und surrealen Momenten. Eine weitere hervorragende DVD-Ver\u00f6ffentlichung aus dem Hause Bildst\u00f6rung. &#8220;<\/p>\n<\/div><\/div><span class=\"awb-triangle\"><\/span><\/blockquote><div class=\"author\"><span class=\"company-name\"><strong>Harald Ladst\u00e4tter<\/strong><span>, <\/span><a href=\"https:\/\/www.filmtipps.at\/kritiken\/Laerm_und_Wut_De_Bruit_Et_De_Fureur\/\" target=\"_self\"><span>Filmtipps.at<\/span><\/a><\/span><\/div><\/div><\/div><div class=\"testimonial-pagination\" id=\"fusion-testimonials-1\"><a href=\"#\" aria-label=\"Testimonial Pagination\"  class=\"activeSlide\"><\/a><a href=\"#\" aria-label=\"Testimonial Pagination\" ><\/a><\/div><\/div><div class=\"fusion-clearfix\"><\/div><\/div><\/div><div class=\"fusion-layout-column fusion_builder_column fusion-builder-column-9 fusion_builder_column_1_1 1_1 fusion-one-full fusion-column-first fusion-column-last\" style=\"--awb-bg-size:cover;\"><div class=\"fusion-column-wrapper fusion-flex-column-wrapper-legacy\"><div class=\"fusion-testimonials classic awb-speech-bubble-show fusion-testimonials-2\" style=\"--awb-textcolor:#aaa9a9;--awb-backgroundcolor:#1e1e1e;--awb-testimonial-border-style:solid;--awb-testimonial-border-color:var(--awb-color3);--awb-border-top-left-radius:0px;--awb-border-top-right-radius:0px;--awb-border-bottom-left-radius:0px;--awb-border-bottom-right-radius:0px;--testimonial-border-width-top:0px;--testimonial-border-width-right:0px;--testimonial-border-width-bottom:0px;--testimonial-border-width-left:0px;\" data-random=\"0\" data-speed=\"0\"><div class=\"reviews\"><div class=\"review active-testimonial no-avatar\"><blockquote><div class=\"awb-quote\"><div class=\"awb-quote-content\">\n<p>&#8222;Dass aus \u201eL\u00e4rm &amp; Wut&#8216; kein didaktisch-moralinsaures P\u00e4dagogenlehrst\u00fcck, sondern ein \u00e4sthetisch bisweilen herausfordernder und formal interessanter Spielfilm geworden ist, darf man dem Regisseur hoch anrechnen.&#8220;<\/p>\n<\/div><\/div><span class=\"awb-triangle\"><\/span><\/blockquote><div class=\"author\"><span class=\"company-name\"><strong>Michael Schleeh<\/strong><span>, <\/span><a href=\"https:\/\/filmgazette.de\/2017\/07\/10\/lrm-wut\/\" target=\"_self\"><span>Filmgazette<\/span><\/a><\/span><\/div><\/div><div class=\"review no-avatar\"><blockquote><div class=\"awb-quote\"><div class=\"awb-quote-content\">\n<p>&#8222;L\u00c4RM UND WUT &#8211; f\u00fcr Sammler des europ\u00e4ischen Autorenfilms ebenso wie f\u00fcr Fans des radikalen Kinos eine gro\u00dfartige Wiederentdeckung.&#8220;<\/p>\n<\/div><\/div><span class=\"awb-triangle\"><\/span><\/blockquote><div class=\"author\"><span class=\"company-name\"><strong>Marcus Stiglegger<\/strong><span>, <\/span><a href=\"http:\/\/www.ikonenmagazin.de\/rezension\/LaermundWut.htm\" target=\"_self\"><span>Ikonenmagazin<\/span><\/a><\/span><\/div><\/div><\/div><div class=\"testimonial-pagination\" id=\"fusion-testimonials-2\"><a href=\"#\" aria-label=\"Testimonial Pagination\"  class=\"activeSlide\"><\/a><a href=\"#\" aria-label=\"Testimonial Pagination\" ><\/a><\/div><\/div><div class=\"fusion-clearfix\"><\/div><\/div><\/div><\/div><\/div><div class=\"fusion-fullwidth fullwidth-box fusion-builder-row-7 nonhundred-percent-fullwidth non-hundred-percent-height-scrolling\" style=\"--awb-border-radius-top-left:0px;--awb-border-radius-top-right:0px;--awb-border-radius-bottom-right:0px;--awb-border-radius-bottom-left:0px;--awb-margin-top:4%;--awb-background-color:#000000;--awb-flex-wrap:wrap;\" ><div class=\"fusion-builder-row fusion-row\"><div class=\"fusion-layout-column fusion_builder_column fusion-builder-column-10 fusion_builder_column_1_1 1_1 fusion-one-full fusion-column-first fusion-column-last\" style=\"--awb-bg-size:cover;\"><div class=\"fusion-column-wrapper fusion-flex-column-wrapper-legacy\"><div class=\"fusion-sep-clear\"><\/div><div class=\"fusion-separator fusion-full-width-sep\" style=\"margin-left: auto;margin-right: auto;width:100%;\"><div class=\"fusion-separator-border sep-single sep-solid\" style=\"--awb-height:20px;--awb-amount:20px;--awb-sep-color:#ffffff;border-color:#ffffff;border-top-width:1px;\"><\/div><\/div><div class=\"fusion-sep-clear\"><\/div><div class=\"fusion-text fusion-text-6\"><h3>BILDERGALERIE<\/h3>\n<\/div><div class=\"fusion-image-carousel fusion-image-carousel-fixed fusion-image-carousel-1 lightbox-enabled fusion-carousel-border\"><div class=\"awb-carousel awb-swiper awb-swiper-carousel\" data-autoplay=\"no\" data-columns=\"5\" data-itemmargin=\"13\" data-itemwidth=\"180\" data-touchscroll=\"no\" data-imagesize=\"fixed\"><div class=\"swiper-wrapper awb-image-carousel-wrapper fusion-flex-align-items-center\"><div class=\"swiper-slide\"><div class=\"fusion-carousel-item-wrapper\"><div class=\"fusion-image-wrapper hover-type-none\"><a data-rel=\"iLightbox[image_carousel_1]\" data-title=\"Ausschnitt aus dem Booklet\" aria-label=\"Ausschnitt aus dem Booklet\" href=\"https:\/\/i0.wp.com\/www.bildstoerung.tv\/blog\/wp-content\/uploads\/2014\/10\/booklet_wut_4-5.jpg?ssl=1\" target=\"_self\"><img decoding=\"async\" width=\"320\" height=\"237\" src=\"https:\/\/i0.wp.com\/www.bildstoerung.tv\/blog\/wp-content\/uploads\/2014\/10\/booklet_wut_4-5.jpg?fit=320%2C237&amp;ssl=1\" class=\"attachment-blog-medium size-blog-medium\" alt=\"\" srcset=\"https:\/\/i0.wp.com\/www.bildstoerung.tv\/blog\/wp-content\/uploads\/2014\/10\/booklet_wut_4-5.jpg?resize=150%2C111&amp;ssl=1 150w, https:\/\/i0.wp.com\/www.bildstoerung.tv\/blog\/wp-content\/uploads\/2014\/10\/booklet_wut_4-5.jpg?resize=300%2C222&amp;ssl=1 300w, https:\/\/i0.wp.com\/www.bildstoerung.tv\/blog\/wp-content\/uploads\/2014\/10\/booklet_wut_4-5.jpg?resize=500%2C371&amp;ssl=1 500w, https:\/\/i0.wp.com\/www.bildstoerung.tv\/blog\/wp-content\/uploads\/2014\/10\/booklet_wut_4-5.jpg?resize=1024%2C759&amp;ssl=1 1024w, https:\/\/i0.wp.com\/www.bildstoerung.tv\/blog\/wp-content\/uploads\/2014\/10\/booklet_wut_4-5.jpg?fit=1200%2C890&amp;ssl=1 1200w\" sizes=\"(min-width: 2200px) 100vw, (min-width: 928px) 210px, (min-width: 856px) 262px, (min-width: 784px) 349px, (min-width: 712px) 524px, (min-width: 640px) 712px, \" data-attachment-id=\"517\" data-permalink=\"https:\/\/www.bildstoerung.tv\/blog\/layout-1-10\/\" data-orig-file=\"https:\/\/i0.wp.com\/www.bildstoerung.tv\/blog\/wp-content\/uploads\/2014\/10\/booklet_wut_4-5.jpg?fit=1200%2C890&amp;ssl=1\" data-orig-size=\"1200,890\" data-comments-opened=\"0\" data-image-meta=\"{&quot;aperture&quot;:&quot;0&quot;,&quot;credit&quot;:&quot;&quot;,&quot;camera&quot;:&quot;&quot;,&quot;caption&quot;:&quot;&quot;,&quot;created_timestamp&quot;:&quot;0&quot;,&quot;copyright&quot;:&quot;&quot;,&quot;focal_length&quot;:&quot;0&quot;,&quot;iso&quot;:&quot;0&quot;,&quot;shutter_speed&quot;:&quot;0&quot;,&quot;title&quot;:&quot;Layout 1&quot;,&quot;orientation&quot;:&quot;1&quot;}\" data-image-title=\"Ausschnitt aus dem Booklet\" data-image-description=\"\" data-image-caption=\"\" data-medium-file=\"https:\/\/i0.wp.com\/www.bildstoerung.tv\/blog\/wp-content\/uploads\/2014\/10\/booklet_wut_4-5.jpg?fit=300%2C222&amp;ssl=1\" data-large-file=\"https:\/\/i0.wp.com\/www.bildstoerung.tv\/blog\/wp-content\/uploads\/2014\/10\/booklet_wut_4-5.jpg?fit=1024%2C759&amp;ssl=1\" \/><\/a><\/div><\/div><\/div><div class=\"swiper-slide\"><div class=\"fusion-carousel-item-wrapper\"><div class=\"fusion-image-wrapper hover-type-none\"><a data-rel=\"iLightbox[image_carousel_1]\" data-title=\"Ausschnitt aus dem Booklet\" aria-label=\"Ausschnitt aus dem Booklet\" href=\"https:\/\/i0.wp.com\/www.bildstoerung.tv\/blog\/wp-content\/uploads\/2014\/10\/booklet_wut_6-7.jpg?ssl=1\" target=\"_self\"><img decoding=\"async\" width=\"320\" height=\"237\" src=\"https:\/\/i0.wp.com\/www.bildstoerung.tv\/blog\/wp-content\/uploads\/2014\/10\/booklet_wut_6-7.jpg?fit=320%2C237&amp;ssl=1\" class=\"attachment-blog-medium size-blog-medium\" alt=\"\" srcset=\"https:\/\/i0.wp.com\/www.bildstoerung.tv\/blog\/wp-content\/uploads\/2014\/10\/booklet_wut_6-7.jpg?resize=150%2C111&amp;ssl=1 150w, https:\/\/i0.wp.com\/www.bildstoerung.tv\/blog\/wp-content\/uploads\/2014\/10\/booklet_wut_6-7.jpg?resize=300%2C222&amp;ssl=1 300w, https:\/\/i0.wp.com\/www.bildstoerung.tv\/blog\/wp-content\/uploads\/2014\/10\/booklet_wut_6-7.jpg?resize=500%2C371&amp;ssl=1 500w, https:\/\/i0.wp.com\/www.bildstoerung.tv\/blog\/wp-content\/uploads\/2014\/10\/booklet_wut_6-7.jpg?resize=1024%2C759&amp;ssl=1 1024w, https:\/\/i0.wp.com\/www.bildstoerung.tv\/blog\/wp-content\/uploads\/2014\/10\/booklet_wut_6-7.jpg?fit=1200%2C890&amp;ssl=1 1200w\" sizes=\"(min-width: 2200px) 100vw, (min-width: 928px) 210px, (min-width: 856px) 262px, (min-width: 784px) 349px, (min-width: 712px) 524px, (min-width: 640px) 712px, \" data-attachment-id=\"518\" data-permalink=\"https:\/\/www.bildstoerung.tv\/blog\/layout-1-11\/\" data-orig-file=\"https:\/\/i0.wp.com\/www.bildstoerung.tv\/blog\/wp-content\/uploads\/2014\/10\/booklet_wut_6-7.jpg?fit=1200%2C890&amp;ssl=1\" data-orig-size=\"1200,890\" data-comments-opened=\"0\" data-image-meta=\"{&quot;aperture&quot;:&quot;0&quot;,&quot;credit&quot;:&quot;&quot;,&quot;camera&quot;:&quot;&quot;,&quot;caption&quot;:&quot;&quot;,&quot;created_timestamp&quot;:&quot;0&quot;,&quot;copyright&quot;:&quot;&quot;,&quot;focal_length&quot;:&quot;0&quot;,&quot;iso&quot;:&quot;0&quot;,&quot;shutter_speed&quot;:&quot;0&quot;,&quot;title&quot;:&quot;Layout 1&quot;,&quot;orientation&quot;:&quot;1&quot;}\" data-image-title=\"Ausschnitt aus dem Booklet\" data-image-description=\"\" data-image-caption=\"\" data-medium-file=\"https:\/\/i0.wp.com\/www.bildstoerung.tv\/blog\/wp-content\/uploads\/2014\/10\/booklet_wut_6-7.jpg?fit=300%2C222&amp;ssl=1\" data-large-file=\"https:\/\/i0.wp.com\/www.bildstoerung.tv\/blog\/wp-content\/uploads\/2014\/10\/booklet_wut_6-7.jpg?fit=1024%2C759&amp;ssl=1\" \/><\/a><\/div><\/div><\/div><div class=\"swiper-slide\"><div class=\"fusion-carousel-item-wrapper\"><div class=\"fusion-image-wrapper hover-type-none\"><a data-rel=\"iLightbox[image_carousel_1]\" data-title=\"Setfoto L\u00e4rm und Wut\" aria-label=\"Setfoto L\u00e4rm und Wut\" href=\"https:\/\/i0.wp.com\/www.bildstoerung.tv\/blog\/wp-content\/uploads\/2014\/10\/De-bruit-et-de-fureur-1.jpg?ssl=1\" target=\"_self\"><img decoding=\"async\" width=\"320\" height=\"211\" src=\"https:\/\/i0.wp.com\/www.bildstoerung.tv\/blog\/wp-content\/uploads\/2014\/10\/De-bruit-et-de-fureur-1.jpg?fit=320%2C211&amp;ssl=1\" class=\"attachment-blog-medium size-blog-medium\" alt=\"\" srcset=\"https:\/\/i0.wp.com\/www.bildstoerung.tv\/blog\/wp-content\/uploads\/2014\/10\/De-bruit-et-de-fureur-1.jpg?resize=150%2C99&amp;ssl=1 150w, https:\/\/i0.wp.com\/www.bildstoerung.tv\/blog\/wp-content\/uploads\/2014\/10\/De-bruit-et-de-fureur-1.jpg?resize=300%2C198&amp;ssl=1 300w, https:\/\/i0.wp.com\/www.bildstoerung.tv\/blog\/wp-content\/uploads\/2014\/10\/De-bruit-et-de-fureur-1.jpg?resize=500%2C330&amp;ssl=1 500w, https:\/\/i0.wp.com\/www.bildstoerung.tv\/blog\/wp-content\/uploads\/2014\/10\/De-bruit-et-de-fureur-1.jpg?resize=1024%2C676&amp;ssl=1 1024w, https:\/\/i0.wp.com\/www.bildstoerung.tv\/blog\/wp-content\/uploads\/2014\/10\/De-bruit-et-de-fureur-1.jpg?fit=1200%2C793&amp;ssl=1 1200w\" sizes=\"(min-width: 2200px) 100vw, (min-width: 928px) 210px, (min-width: 856px) 262px, (min-width: 784px) 349px, (min-width: 712px) 524px, (min-width: 640px) 712px, \" data-attachment-id=\"519\" data-permalink=\"https:\/\/www.bildstoerung.tv\/blog\/de-bruit-et-de-fureur-1\/\" data-orig-file=\"https:\/\/i0.wp.com\/www.bildstoerung.tv\/blog\/wp-content\/uploads\/2014\/10\/De-bruit-et-de-fureur-1.jpg?fit=1200%2C793&amp;ssl=1\" data-orig-size=\"1200,793\" data-comments-opened=\"0\" data-image-meta=\"{&quot;aperture&quot;:&quot;0&quot;,&quot;credit&quot;:&quot;&quot;,&quot;camera&quot;:&quot;&quot;,&quot;caption&quot;:&quot;&quot;,&quot;created_timestamp&quot;:&quot;0&quot;,&quot;copyright&quot;:&quot;&quot;,&quot;focal_length&quot;:&quot;0&quot;,&quot;iso&quot;:&quot;0&quot;,&quot;shutter_speed&quot;:&quot;0&quot;,&quot;title&quot;:&quot;&quot;,&quot;orientation&quot;:&quot;1&quot;}\" data-image-title=\"Setfoto L\u00e4rm und Wut\" data-image-description=\"\" data-image-caption=\"\" data-medium-file=\"https:\/\/i0.wp.com\/www.bildstoerung.tv\/blog\/wp-content\/uploads\/2014\/10\/De-bruit-et-de-fureur-1.jpg?fit=300%2C198&amp;ssl=1\" data-large-file=\"https:\/\/i0.wp.com\/www.bildstoerung.tv\/blog\/wp-content\/uploads\/2014\/10\/De-bruit-et-de-fureur-1.jpg?fit=1024%2C676&amp;ssl=1\" \/><\/a><\/div><\/div><\/div><div class=\"swiper-slide\"><div class=\"fusion-carousel-item-wrapper\"><div class=\"fusion-image-wrapper hover-type-none\"><a data-rel=\"iLightbox[image_carousel_1]\" data-title=\"Setfoto L\u00e4rm und Wut\" aria-label=\"Setfoto L\u00e4rm und Wut\" href=\"https:\/\/i0.wp.com\/www.bildstoerung.tv\/blog\/wp-content\/uploads\/2014\/10\/De-bruit-et-de-fureur-2.jpg?ssl=1\" target=\"_self\"><img decoding=\"async\" width=\"320\" height=\"211\" src=\"https:\/\/i0.wp.com\/www.bildstoerung.tv\/blog\/wp-content\/uploads\/2014\/10\/De-bruit-et-de-fureur-2.jpg?fit=320%2C211&amp;ssl=1\" class=\"attachment-blog-medium size-blog-medium\" alt=\"\" srcset=\"https:\/\/i0.wp.com\/www.bildstoerung.tv\/blog\/wp-content\/uploads\/2014\/10\/De-bruit-et-de-fureur-2.jpg?resize=150%2C98&amp;ssl=1 150w, https:\/\/i0.wp.com\/www.bildstoerung.tv\/blog\/wp-content\/uploads\/2014\/10\/De-bruit-et-de-fureur-2.jpg?resize=300%2C197&amp;ssl=1 300w, https:\/\/i0.wp.com\/www.bildstoerung.tv\/blog\/wp-content\/uploads\/2014\/10\/De-bruit-et-de-fureur-2.jpg?resize=500%2C329&amp;ssl=1 500w, https:\/\/i0.wp.com\/www.bildstoerung.tv\/blog\/wp-content\/uploads\/2014\/10\/De-bruit-et-de-fureur-2.jpg?resize=1024%2C674&amp;ssl=1 1024w, https:\/\/i0.wp.com\/www.bildstoerung.tv\/blog\/wp-content\/uploads\/2014\/10\/De-bruit-et-de-fureur-2.jpg?fit=1200%2C790&amp;ssl=1 1200w\" sizes=\"(min-width: 2200px) 100vw, (min-width: 928px) 210px, (min-width: 856px) 262px, (min-width: 784px) 349px, (min-width: 712px) 524px, (min-width: 640px) 712px, \" data-attachment-id=\"520\" data-permalink=\"https:\/\/www.bildstoerung.tv\/blog\/de-bruit-et-de-fureur-2\/\" data-orig-file=\"https:\/\/i0.wp.com\/www.bildstoerung.tv\/blog\/wp-content\/uploads\/2014\/10\/De-bruit-et-de-fureur-2.jpg?fit=1200%2C790&amp;ssl=1\" data-orig-size=\"1200,790\" data-comments-opened=\"0\" data-image-meta=\"{&quot;aperture&quot;:&quot;0&quot;,&quot;credit&quot;:&quot;&quot;,&quot;camera&quot;:&quot;&quot;,&quot;caption&quot;:&quot;&quot;,&quot;created_timestamp&quot;:&quot;0&quot;,&quot;copyright&quot;:&quot;&quot;,&quot;focal_length&quot;:&quot;0&quot;,&quot;iso&quot;:&quot;0&quot;,&quot;shutter_speed&quot;:&quot;0&quot;,&quot;title&quot;:&quot;&quot;,&quot;orientation&quot;:&quot;1&quot;}\" data-image-title=\"Setfoto L\u00e4rm und Wut\" data-image-description=\"\" data-image-caption=\"\" data-medium-file=\"https:\/\/i0.wp.com\/www.bildstoerung.tv\/blog\/wp-content\/uploads\/2014\/10\/De-bruit-et-de-fureur-2.jpg?fit=300%2C197&amp;ssl=1\" data-large-file=\"https:\/\/i0.wp.com\/www.bildstoerung.tv\/blog\/wp-content\/uploads\/2014\/10\/De-bruit-et-de-fureur-2.jpg?fit=1024%2C674&amp;ssl=1\" \/><\/a><\/div><\/div><\/div><div class=\"swiper-slide\"><div class=\"fusion-carousel-item-wrapper\"><div class=\"fusion-image-wrapper hover-type-none\"><a data-rel=\"iLightbox[image_carousel_1]\" data-title=\"Setfoto L\u00e4rm und Wut\" aria-label=\"Setfoto L\u00e4rm und Wut\" href=\"https:\/\/i0.wp.com\/www.bildstoerung.tv\/blog\/wp-content\/uploads\/2014\/10\/De-bruit-et-de-fureur-3.jpg?ssl=1\" target=\"_self\"><img decoding=\"async\" width=\"320\" height=\"214\" src=\"https:\/\/i0.wp.com\/www.bildstoerung.tv\/blog\/wp-content\/uploads\/2014\/10\/De-bruit-et-de-fureur-3.jpg?fit=320%2C214&amp;ssl=1\" class=\"attachment-blog-medium size-blog-medium\" alt=\"\" srcset=\"https:\/\/i0.wp.com\/www.bildstoerung.tv\/blog\/wp-content\/uploads\/2014\/10\/De-bruit-et-de-fureur-3.jpg?resize=150%2C100&amp;ssl=1 150w, https:\/\/i0.wp.com\/www.bildstoerung.tv\/blog\/wp-content\/uploads\/2014\/10\/De-bruit-et-de-fureur-3.jpg?resize=300%2C201&amp;ssl=1 300w, https:\/\/i0.wp.com\/www.bildstoerung.tv\/blog\/wp-content\/uploads\/2014\/10\/De-bruit-et-de-fureur-3.jpg?resize=500%2C335&amp;ssl=1 500w, https:\/\/i0.wp.com\/www.bildstoerung.tv\/blog\/wp-content\/uploads\/2014\/10\/De-bruit-et-de-fureur-3.jpg?resize=1024%2C686&amp;ssl=1 1024w, https:\/\/i0.wp.com\/www.bildstoerung.tv\/blog\/wp-content\/uploads\/2014\/10\/De-bruit-et-de-fureur-3.jpg?fit=1200%2C804&amp;ssl=1 1200w\" sizes=\"(min-width: 2200px) 100vw, (min-width: 928px) 210px, (min-width: 856px) 262px, (min-width: 784px) 349px, (min-width: 712px) 524px, (min-width: 640px) 712px, \" data-attachment-id=\"521\" data-permalink=\"https:\/\/www.bildstoerung.tv\/blog\/de-bruit-et-de-fureur-3\/\" data-orig-file=\"https:\/\/i0.wp.com\/www.bildstoerung.tv\/blog\/wp-content\/uploads\/2014\/10\/De-bruit-et-de-fureur-3.jpg?fit=1200%2C804&amp;ssl=1\" data-orig-size=\"1200,804\" data-comments-opened=\"0\" data-image-meta=\"{&quot;aperture&quot;:&quot;0&quot;,&quot;credit&quot;:&quot;&quot;,&quot;camera&quot;:&quot;&quot;,&quot;caption&quot;:&quot;&quot;,&quot;created_timestamp&quot;:&quot;0&quot;,&quot;copyright&quot;:&quot;&quot;,&quot;focal_length&quot;:&quot;0&quot;,&quot;iso&quot;:&quot;0&quot;,&quot;shutter_speed&quot;:&quot;0&quot;,&quot;title&quot;:&quot;&quot;,&quot;orientation&quot;:&quot;1&quot;}\" data-image-title=\"Setfoto L\u00e4rm und Wut\" data-image-description=\"\" data-image-caption=\"\" data-medium-file=\"https:\/\/i0.wp.com\/www.bildstoerung.tv\/blog\/wp-content\/uploads\/2014\/10\/De-bruit-et-de-fureur-3.jpg?fit=300%2C201&amp;ssl=1\" data-large-file=\"https:\/\/i0.wp.com\/www.bildstoerung.tv\/blog\/wp-content\/uploads\/2014\/10\/De-bruit-et-de-fureur-3.jpg?fit=1024%2C686&amp;ssl=1\" \/><\/a><\/div><\/div><\/div><div class=\"swiper-slide\"><div class=\"fusion-carousel-item-wrapper\"><div class=\"fusion-image-wrapper hover-type-none\"><a data-rel=\"iLightbox[image_carousel_1]\" data-title=\"Setfoto L\u00e4rm und Wut\" aria-label=\"Setfoto L\u00e4rm und Wut\" href=\"https:\/\/i0.wp.com\/www.bildstoerung.tv\/blog\/wp-content\/uploads\/2014\/10\/De-bruit-et-de-fureur-4.jpg?ssl=1\" target=\"_self\"><img decoding=\"async\" width=\"320\" height=\"212\" src=\"https:\/\/i0.wp.com\/www.bildstoerung.tv\/blog\/wp-content\/uploads\/2014\/10\/De-bruit-et-de-fureur-4.jpg?fit=320%2C212&amp;ssl=1\" class=\"attachment-blog-medium size-blog-medium\" alt=\"\" srcset=\"https:\/\/i0.wp.com\/www.bildstoerung.tv\/blog\/wp-content\/uploads\/2014\/10\/De-bruit-et-de-fureur-4.jpg?resize=150%2C99&amp;ssl=1 150w, https:\/\/i0.wp.com\/www.bildstoerung.tv\/blog\/wp-content\/uploads\/2014\/10\/De-bruit-et-de-fureur-4.jpg?resize=300%2C199&amp;ssl=1 300w, https:\/\/i0.wp.com\/www.bildstoerung.tv\/blog\/wp-content\/uploads\/2014\/10\/De-bruit-et-de-fureur-4.jpg?resize=500%2C332&amp;ssl=1 500w, https:\/\/i0.wp.com\/www.bildstoerung.tv\/blog\/wp-content\/uploads\/2014\/10\/De-bruit-et-de-fureur-4.jpg?resize=1024%2C679&amp;ssl=1 1024w, https:\/\/i0.wp.com\/www.bildstoerung.tv\/blog\/wp-content\/uploads\/2014\/10\/De-bruit-et-de-fureur-4.jpg?fit=1200%2C796&amp;ssl=1 1200w\" sizes=\"(min-width: 2200px) 100vw, (min-width: 928px) 210px, (min-width: 856px) 262px, (min-width: 784px) 349px, (min-width: 712px) 524px, (min-width: 640px) 712px, \" data-attachment-id=\"522\" data-permalink=\"https:\/\/www.bildstoerung.tv\/blog\/de-bruit-et-de-fureur-4\/\" data-orig-file=\"https:\/\/i0.wp.com\/www.bildstoerung.tv\/blog\/wp-content\/uploads\/2014\/10\/De-bruit-et-de-fureur-4.jpg?fit=1200%2C796&amp;ssl=1\" data-orig-size=\"1200,796\" data-comments-opened=\"0\" data-image-meta=\"{&quot;aperture&quot;:&quot;0&quot;,&quot;credit&quot;:&quot;&quot;,&quot;camera&quot;:&quot;&quot;,&quot;caption&quot;:&quot;&quot;,&quot;created_timestamp&quot;:&quot;0&quot;,&quot;copyright&quot;:&quot;&quot;,&quot;focal_length&quot;:&quot;0&quot;,&quot;iso&quot;:&quot;0&quot;,&quot;shutter_speed&quot;:&quot;0&quot;,&quot;title&quot;:&quot;&quot;,&quot;orientation&quot;:&quot;1&quot;}\" data-image-title=\"Setfoto L\u00e4rm und Wut\" data-image-description=\"\" data-image-caption=\"\" data-medium-file=\"https:\/\/i0.wp.com\/www.bildstoerung.tv\/blog\/wp-content\/uploads\/2014\/10\/De-bruit-et-de-fureur-4.jpg?fit=300%2C199&amp;ssl=1\" data-large-file=\"https:\/\/i0.wp.com\/www.bildstoerung.tv\/blog\/wp-content\/uploads\/2014\/10\/De-bruit-et-de-fureur-4.jpg?fit=1024%2C679&amp;ssl=1\" \/><\/a><\/div><\/div><\/div><div class=\"swiper-slide\"><div class=\"fusion-carousel-item-wrapper\"><div class=\"fusion-image-wrapper hover-type-none\"><a data-rel=\"iLightbox[image_carousel_1]\" data-title=\"Setfoto L\u00e4rm und Wut\" aria-label=\"Setfoto L\u00e4rm und Wut\" href=\"https:\/\/i0.wp.com\/www.bildstoerung.tv\/blog\/wp-content\/uploads\/2014\/10\/De-bruit-et-de-fureur-5.jpg?ssl=1\" target=\"_self\"><img decoding=\"async\" width=\"320\" height=\"212\" src=\"https:\/\/i0.wp.com\/www.bildstoerung.tv\/blog\/wp-content\/uploads\/2014\/10\/De-bruit-et-de-fureur-5.jpg?fit=320%2C212&amp;ssl=1\" class=\"attachment-blog-medium size-blog-medium\" alt=\"\" srcset=\"https:\/\/i0.wp.com\/www.bildstoerung.tv\/blog\/wp-content\/uploads\/2014\/10\/De-bruit-et-de-fureur-5.jpg?resize=150%2C99&amp;ssl=1 150w, https:\/\/i0.wp.com\/www.bildstoerung.tv\/blog\/wp-content\/uploads\/2014\/10\/De-bruit-et-de-fureur-5.jpg?resize=300%2C199&amp;ssl=1 300w, https:\/\/i0.wp.com\/www.bildstoerung.tv\/blog\/wp-content\/uploads\/2014\/10\/De-bruit-et-de-fureur-5.jpg?resize=500%2C332&amp;ssl=1 500w, https:\/\/i0.wp.com\/www.bildstoerung.tv\/blog\/wp-content\/uploads\/2014\/10\/De-bruit-et-de-fureur-5.jpg?resize=1024%2C679&amp;ssl=1 1024w, https:\/\/i0.wp.com\/www.bildstoerung.tv\/blog\/wp-content\/uploads\/2014\/10\/De-bruit-et-de-fureur-5.jpg?fit=1200%2C796&amp;ssl=1 1200w\" sizes=\"(min-width: 2200px) 100vw, (min-width: 928px) 210px, (min-width: 856px) 262px, (min-width: 784px) 349px, (min-width: 712px) 524px, (min-width: 640px) 712px, \" data-attachment-id=\"523\" data-permalink=\"https:\/\/www.bildstoerung.tv\/blog\/de-bruit-et-de-fureur-5\/\" data-orig-file=\"https:\/\/i0.wp.com\/www.bildstoerung.tv\/blog\/wp-content\/uploads\/2014\/10\/De-bruit-et-de-fureur-5.jpg?fit=1200%2C796&amp;ssl=1\" data-orig-size=\"1200,796\" data-comments-opened=\"0\" data-image-meta=\"{&quot;aperture&quot;:&quot;0&quot;,&quot;credit&quot;:&quot;&quot;,&quot;camera&quot;:&quot;&quot;,&quot;caption&quot;:&quot;&quot;,&quot;created_timestamp&quot;:&quot;0&quot;,&quot;copyright&quot;:&quot;&quot;,&quot;focal_length&quot;:&quot;0&quot;,&quot;iso&quot;:&quot;0&quot;,&quot;shutter_speed&quot;:&quot;0&quot;,&quot;title&quot;:&quot;&quot;,&quot;orientation&quot;:&quot;1&quot;}\" data-image-title=\"Setfoto L\u00e4rm und Wut\" data-image-description=\"\" data-image-caption=\"\" data-medium-file=\"https:\/\/i0.wp.com\/www.bildstoerung.tv\/blog\/wp-content\/uploads\/2014\/10\/De-bruit-et-de-fureur-5.jpg?fit=300%2C199&amp;ssl=1\" data-large-file=\"https:\/\/i0.wp.com\/www.bildstoerung.tv\/blog\/wp-content\/uploads\/2014\/10\/De-bruit-et-de-fureur-5.jpg?fit=1024%2C679&amp;ssl=1\" \/><\/a><\/div><\/div><\/div><div class=\"swiper-slide\"><div class=\"fusion-carousel-item-wrapper\"><div class=\"fusion-image-wrapper hover-type-none\"><a data-rel=\"iLightbox[image_carousel_1]\" data-title=\"Setfoto L\u00e4rm und Wut\" aria-label=\"Setfoto L\u00e4rm und Wut\" href=\"https:\/\/i0.wp.com\/www.bildstoerung.tv\/blog\/wp-content\/uploads\/2014\/10\/De-bruit-et-de-fureur-6.jpg?ssl=1\" target=\"_self\"><img decoding=\"async\" width=\"320\" height=\"211\" src=\"https:\/\/i0.wp.com\/www.bildstoerung.tv\/blog\/wp-content\/uploads\/2014\/10\/De-bruit-et-de-fureur-6.jpg?fit=320%2C211&amp;ssl=1\" class=\"attachment-blog-medium size-blog-medium\" alt=\"\" srcset=\"https:\/\/i0.wp.com\/www.bildstoerung.tv\/blog\/wp-content\/uploads\/2014\/10\/De-bruit-et-de-fureur-6.jpg?resize=150%2C99&amp;ssl=1 150w, https:\/\/i0.wp.com\/www.bildstoerung.tv\/blog\/wp-content\/uploads\/2014\/10\/De-bruit-et-de-fureur-6.jpg?resize=300%2C198&amp;ssl=1 300w, https:\/\/i0.wp.com\/www.bildstoerung.tv\/blog\/wp-content\/uploads\/2014\/10\/De-bruit-et-de-fureur-6.jpg?resize=500%2C330&amp;ssl=1 500w, https:\/\/i0.wp.com\/www.bildstoerung.tv\/blog\/wp-content\/uploads\/2014\/10\/De-bruit-et-de-fureur-6.jpg?resize=1024%2C675&amp;ssl=1 1024w, https:\/\/i0.wp.com\/www.bildstoerung.tv\/blog\/wp-content\/uploads\/2014\/10\/De-bruit-et-de-fureur-6.jpg?fit=1200%2C792&amp;ssl=1 1200w\" sizes=\"(min-width: 2200px) 100vw, (min-width: 928px) 210px, (min-width: 856px) 262px, (min-width: 784px) 349px, (min-width: 712px) 524px, (min-width: 640px) 712px, \" data-attachment-id=\"524\" data-permalink=\"https:\/\/www.bildstoerung.tv\/blog\/de-bruit-et-de-fureur-6\/\" data-orig-file=\"https:\/\/i0.wp.com\/www.bildstoerung.tv\/blog\/wp-content\/uploads\/2014\/10\/De-bruit-et-de-fureur-6.jpg?fit=1200%2C792&amp;ssl=1\" data-orig-size=\"1200,792\" data-comments-opened=\"0\" data-image-meta=\"{&quot;aperture&quot;:&quot;0&quot;,&quot;credit&quot;:&quot;&quot;,&quot;camera&quot;:&quot;&quot;,&quot;caption&quot;:&quot;&quot;,&quot;created_timestamp&quot;:&quot;0&quot;,&quot;copyright&quot;:&quot;&quot;,&quot;focal_length&quot;:&quot;0&quot;,&quot;iso&quot;:&quot;0&quot;,&quot;shutter_speed&quot;:&quot;0&quot;,&quot;title&quot;:&quot;&quot;,&quot;orientation&quot;:&quot;1&quot;}\" data-image-title=\"Setfoto L\u00e4rm und Wut\" data-image-description=\"\" data-image-caption=\"\" data-medium-file=\"https:\/\/i0.wp.com\/www.bildstoerung.tv\/blog\/wp-content\/uploads\/2014\/10\/De-bruit-et-de-fureur-6.jpg?fit=300%2C198&amp;ssl=1\" data-large-file=\"https:\/\/i0.wp.com\/www.bildstoerung.tv\/blog\/wp-content\/uploads\/2014\/10\/De-bruit-et-de-fureur-6.jpg?fit=1024%2C675&amp;ssl=1\" \/><\/a><\/div><\/div><\/div><\/div><div class=\"awb-swiper-button awb-swiper-button-prev\"><i class=\"awb-icon-angle-left\" aria-hidden=\"true\"><\/i><\/div><div class=\"awb-swiper-button awb-swiper-button-next\"><i class=\"awb-icon-angle-right\" aria-hidden=\"true\"><\/i><\/div><\/div><\/div><div class=\"fusion-clearfix\"><\/div><\/div><\/div><\/div><\/div><div class=\"fusion-fullwidth fullwidth-box fusion-builder-row-8 nonhundred-percent-fullwidth non-hundred-percent-height-scrolling\" style=\"--awb-border-radius-top-left:0px;--awb-border-radius-top-right:0px;--awb-border-radius-bottom-right:0px;--awb-border-radius-bottom-left:0px;--awb-background-color:#000000;--awb-flex-wrap:wrap;\" ><div class=\"fusion-builder-row fusion-row\"><div class=\"fusion-layout-column fusion_builder_column fusion-builder-column-11 fusion_builder_column_1_1 1_1 fusion-one-full fusion-column-first fusion-column-last\" style=\"--awb-bg-size:cover;\"><div class=\"fusion-column-wrapper fusion-flex-column-wrapper-legacy\"><div class=\"fusion-sharing-box fusion-sharing-box-1 has-taglines layout-floated layout-medium-floated layout-small-floated\" style=\"background-color:#242424;--awb-layout:row;--awb-alignment-small:space-between;\" data-title=\"LUZ - Ab 21.3. im Kino\" data-description=\"L\u00c4RM &amp; WUT\r\nDROP OUT 010\r\nEin Film von Jean-Claude Brisseau\r\n\r\nFrankreich 1987\r\n90 Min. (ungeschnitten)\r\nOriginal- und Deutsche-Fassung Im Shop ansehen   \r\nDER FILM\r\nNeben William Faulkners gro\u00dfartigem Roman gab es Ende der Achtziger Jahre einen Film des\" data-link=\"https:\/\/www.bildstoerung.tv\/blog\/luz\/\"><h4 class=\"tagline\" style=\"color:#a3a3a3;\">Shareing is Caring, w\u00e4hle deine Platform!<\/h4><div class=\"fusion-social-networks sharingbox-shortcode-icon-wrapper sharingbox-shortcode-icon-wrapper-1\"><span><a href=\"https:\/\/www.facebook.com\/sharer.php?u=https%3A%2F%2Fwww.bildstoerung.tv%2Fblog%2Fluz%2F&amp;t=LUZ%20-%20Ab%2021.3.%20im%20Kino\" target=\"_blank\" rel=\"noreferrer\" title=\"Facebook\" aria-label=\"Facebook\" data-placement=\"top\" data-toggle=\"tooltip\" data-title=\"Facebook\"><i class=\"fusion-social-network-icon fusion-tooltip fusion-facebook awb-icon-facebook\" style=\"color:#d3d3d3;\" aria-hidden=\"true\"><\/i><\/a><\/span><span><a href=\"https:\/\/twitter.com\/share?text=LUZ%20-%20Ab%2021.3.%20im%20Kino&amp;url=https%3A%2F%2Fwww.bildstoerung.tv%2Fblog%2Fluz%2F\" target=\"_blank\" rel=\"noopener noreferrer\" title=\"X\" aria-label=\"X\" data-placement=\"top\" data-toggle=\"tooltip\" data-title=\"X\"><i class=\"fusion-social-network-icon fusion-tooltip fusion-twitter awb-icon-twitter\" style=\"color:#d3d3d3;\" aria-hidden=\"true\"><\/i><\/a><\/span><span><a href=\"https:\/\/www.linkedin.com\/shareArticle?mini=true&amp;url=https%3A%2F%2Fwww.bildstoerung.tv%2Fblog%2Fluz%2F&amp;title=LUZ%20-%20Ab%2021.3.%20im%20Kino&amp;summary=L%C3%84RM%20%26amp%3B%20WUT%0D%0ADROP%20OUT%20010%0D%0AEin%20Film%20von%20Jean-Claude%20Brisseau%0D%0A%0D%0AFrankreich%201987%0D%0A90%20Min.%20%28ungeschnitten%29%0D%0AOriginal-%20und%20Deutsche-Fassung%20%20Im%20Shop%20ansehen%20%20%20%20%20%0D%0ADER%20FILM%0D%0ANeben%20William%20Faulkners%20gro%C3%9Fartigem%20Roman%20gab%20es%20Ende%20der%20Achtziger%20Jahre%20einen%20Film%20des\" target=\"_blank\" rel=\"noopener noreferrer\" title=\"LinkedIn\" aria-label=\"LinkedIn\" data-placement=\"top\" data-toggle=\"tooltip\" data-title=\"LinkedIn\"><i class=\"fusion-social-network-icon fusion-tooltip fusion-linkedin awb-icon-linkedin\" style=\"color:#d3d3d3;\" aria-hidden=\"true\"><\/i><\/a><\/span><span><a href=\"https:\/\/api.whatsapp.com\/send?text=https%3A%2F%2Fwww.bildstoerung.tv%2Fblog%2Fluz%2F\" target=\"_blank\" rel=\"noopener noreferrer\" title=\"WhatsApp\" aria-label=\"WhatsApp\" data-placement=\"top\" data-toggle=\"tooltip\" data-title=\"WhatsApp\"><i class=\"fusion-social-network-icon fusion-tooltip fusion-whatsapp awb-icon-whatsapp\" style=\"color:#d3d3d3;\" aria-hidden=\"true\"><\/i><\/a><\/span><span><a href=\"https:\/\/www.tumblr.com\/share\/link?url=https%3A%2F%2Fwww.bildstoerung.tv%2Fblog%2Fluz%2F&amp;name=LUZ%20-%20Ab%2021.3.%20im%20Kino&amp;description=L%C3%84RM%20%26amp%3B%20WUT%0D%0ADROP%20OUT%20010%0D%0AEin%20Film%20von%20Jean-Claude%20Brisseau%0D%0A%0D%0AFrankreich%201987%0D%0A90%20Min.%20%28ungeschnitten%29%0D%0AOriginal-%20und%20Deutsche-Fassung%20%20Im%20Shop%20ansehen%20%20%20%20%20%0D%0ADER%20FILM%0D%0ANeben%20William%20Faulkners%20gro%C3%9Fartigem%20Roman%20gab%20es%20Ende%20der%20Achtziger%20Jahre%20einen%20Film%20des\" target=\"_blank\" rel=\"noopener noreferrer\" title=\"Tumblr\" aria-label=\"Tumblr\" data-placement=\"top\" data-toggle=\"tooltip\" data-title=\"Tumblr\"><i class=\"fusion-social-network-icon fusion-tooltip fusion-tumblr awb-icon-tumblr\" style=\"color:#d3d3d3;\" aria-hidden=\"true\"><\/i><\/a><\/span><span><a href=\"https:\/\/pinterest.com\/pin\/create\/button\/?url=https%3A%2F%2Fwww.bildstoerung.tv%2Fblog%2Fluz%2F&amp;description=L%C3%84RM%20%26amp%3B%20WUT%0D%0ADROP%20OUT%20010%0D%0AEin%20Film%20von%20Jean-Claude%20Brisseau%0D%0A%0D%0AFrankreich%201987%0D%0A90%20Min.%20%28ungeschnitten%29%0D%0AOriginal-%20und%20Deutsche-Fassung%20%20Im%20Shop%20ansehen%20%20%20%20%20%0D%0ADER%20FILM%0D%0ANeben%20William%20Faulkners%20gro%C3%9Fartigem%20Roman%20gab%20es%20Ende%20der%20Achtziger%20Jahre%20einen%20Film%20des&amp;media=\" target=\"_blank\" rel=\"noopener noreferrer\" title=\"Pinterest\" aria-label=\"Pinterest\" data-placement=\"top\" data-toggle=\"tooltip\" data-title=\"Pinterest\"><i class=\"fusion-social-network-icon fusion-tooltip fusion-pinterest awb-icon-pinterest\" style=\"color:#d3d3d3;\" aria-hidden=\"true\"><\/i><\/a><\/span><span><a href=\"mailto:?subject=LUZ%20-%20Ab%2021.3.%20im%20Kino&amp;body=https%3A%2F%2Fwww.bildstoerung.tv%2Fblog%2Fluz%2F\" target=\"_self\" title=\"E-Mail\" aria-label=\"E-Mail\" data-placement=\"top\" data-toggle=\"tooltip\" data-title=\"E-Mail\"><i class=\"fusion-social-network-icon fusion-tooltip fusion-mail awb-icon-mail\" style=\"color:#d3d3d3;\" aria-hidden=\"true\"><\/i><\/a><\/span><\/div><\/div><div class=\"fusion-clearfix\"><\/div><\/div><\/div><\/div><\/div>\n","protected":false},"excerpt":{"rendered":"","protected":false},"author":1,"featured_media":0,"parent":49,"menu_order":0,"comment_status":"closed","ping_status":"closed","template":"","meta":{"om_disable_all_campaigns":false,"sfsi_plus_gutenberg_text_before_share":"","sfsi_plus_gutenberg_show_text_before_share":"","sfsi_plus_gutenberg_icon_type":"","sfsi_plus_gutenberg_icon_alignemt":"","sfsi_plus_gutenburg_max_per_row":"","_uf_show_specific_survey":0,"_uf_disable_surveys":false,"jetpack_post_was_ever_published":false,"footnotes":""},"class_list":["post-140","page","type-page","status-publish","hentry"],"aioseo_notices":[],"jetpack_sharing_enabled":true,"jetpack_shortlink":"https:\/\/wp.me\/P5YmIz-2g","jetpack-related-posts":[],"_links":{"self":[{"href":"https:\/\/www.bildstoerung.tv\/blog\/wp-json\/wp\/v2\/pages\/140","targetHints":{"allow":["GET"]}}],"collection":[{"href":"https:\/\/www.bildstoerung.tv\/blog\/wp-json\/wp\/v2\/pages"}],"about":[{"href":"https:\/\/www.bildstoerung.tv\/blog\/wp-json\/wp\/v2\/types\/page"}],"author":[{"embeddable":true,"href":"https:\/\/www.bildstoerung.tv\/blog\/wp-json\/wp\/v2\/users\/1"}],"replies":[{"embeddable":true,"href":"https:\/\/www.bildstoerung.tv\/blog\/wp-json\/wp\/v2\/comments?post=140"}],"version-history":[{"count":0,"href":"https:\/\/www.bildstoerung.tv\/blog\/wp-json\/wp\/v2\/pages\/140\/revisions"}],"up":[{"embeddable":true,"href":"https:\/\/www.bildstoerung.tv\/blog\/wp-json\/wp\/v2\/pages\/49"}],"wp:attachment":[{"href":"https:\/\/www.bildstoerung.tv\/blog\/wp-json\/wp\/v2\/media?parent=140"}],"curies":[{"name":"wp","href":"https:\/\/api.w.org\/{rel}","templated":true}]}}